{"id":12298,"date":"2023-06-29T14:44:03","date_gmt":"2023-06-29T14:44:03","guid":{"rendered":"https:\/\/citcem2023.citcem.org\/?post_type=eventos&#038;p=12298"},"modified":"2023-06-29T14:50:41","modified_gmt":"2023-06-29T14:50:41","slug":"o-ms-1-azul-da-acl-da-cronica-de-1344-como-objeto-literario-e-artistico-sessao-de-cronistica-medieval","status":"publish","type":"eventos","link":"https:\/\/citcem2023.citcem.org\/en\/eventos\/o-ms-1-azul-da-acl-da-cronica-de-1344-como-objeto-literario-e-artistico-sessao-de-cronistica-medieval\/","title":{"rendered":"\u201cO Ms. 1 Azul da ACL da Cr\u00f3nica de 1344 como objeto liter\u00e1rio e art\u00edstico\u201d | Sess\u00e3o de Cron\u00edstica Medieval:"},"content":{"rendered":"<p>O Grupo de Cron\u00edstica da FLUP promove o seu encontro anual dedicado ao estudo de cr\u00f3nicas medievais. Ser\u00e1 orientado pela Doutora Isabel Barros Dias, que apresentar\u00e1 uma comunica\u00e7\u00e3o sobre o ms. 1 Azul da <em>Cr\u00f3nica de 1344<\/em>, atualmente na Academia das Ci\u00eancias de Lisboa. Este foi o manuscrito de base da edi\u00e7\u00e3o desta obra por Lindley Cintra e, pelas suas caracter\u00edsticas textuais, \u00e9 um testemunho de charneira na evolu\u00e7\u00e3o da historiografia portuguesa medieval. \u00c9 ainda um soberbo objeto art\u00edstico, profusamente iluminado. O programa decorativo deste manuscrito j\u00e1 foi estudado por historiadores da arte e fil\u00f3logos. No entanto, a sua riqueza ainda n\u00e3o foi totalmente explorada. Assim, nesta sess\u00e3o, olharemos para este objeto art\u00edstico desde o ponto de vista da sua inser\u00e7\u00e3o no ambiente liter\u00e1rio e cultural da \u00e9poca da sua realiza\u00e7\u00e3o.<\/p>\n<p>Isabel Barros Dias \u00e9 Professora Associada na Universidade Aberta, onde leciona desde 1989. Tem artigos publicados em diversas revistas de especialidade, publica\u00e7\u00f5es coletivas e atas, nacionais e estrangeiras, bem como dois livros sobre historiografia medieval ib\u00e9rica (<em>Metamorfoses de Babel<\/em>, de 2003, e <em>La identidad de la historiografia<\/em>, de 2013). A sua investiga\u00e7\u00e3o situa-se no \u00e2mbito da Literatura Comparada e dos Estudos sobre o Imagin\u00e1rio, tendo como principais \u00e1reas de interesse a Literatura Medieval, a Literatura do s\u00e9culo XVI, a Literatura Oral e Tradicional e a Edi\u00e7\u00e3o Textual.<\/p>\n<p>A sess\u00e3o ser\u00e1 em formato <em>online<\/em> e aberta ao p\u00fablico, sem necessidade de inscri\u00e7\u00e3o pr\u00e9via.<\/p>\n<p>Link da sess\u00e3o: <a href=\"https:\/\/meet.google.com\/vyt-dcjm-npi\" data-auth=\"NotApplicable\" data-linkindex=\"3\">https:\/\/meet.google.com\/vyt-dcjm-npi<\/a><\/p>\n<p><strong>\u00a0<\/strong><\/p>\n<p><strong>Organiza\u00e7\u00e3o:\u00a0<\/strong><\/p>\n<p>Grupo de Cron\u00edstica da FLUP:<\/p>\n<p>Jorge Ara\u00fajo (CITCEM-FLUP)<\/p>\n<p>Mariana Barros (CITCEM-FLUP)<\/p>\n<p>Rute Russo (CITCEM-FLUP)<\/p>\n","protected":false},"featured_media":12301,"template":"","ano-evento":[310],"tipo-eventos":[299],"cmcal_calendar":[],"_links":{"self":[{"href":"https:\/\/citcem2023.citcem.org\/en\/wp-json\/wp\/v2\/eventos\/12298"}],"collection":[{"href":"https:\/\/citcem2023.citcem.org\/en\/wp-json\/wp\/v2\/eventos"}],"about":[{"href":"https:\/\/citcem2023.citcem.org\/en\/wp-json\/wp\/v2\/types\/eventos"}],"version-history":[{"count":2,"href":"https:\/\/citcem2023.citcem.org\/en\/wp-json\/wp\/v2\/eventos\/12298\/revisions"}],"predecessor-version":[{"id":12306,"href":"https:\/\/citcem2023.citcem.org\/en\/wp-json\/wp\/v2\/eventos\/12298\/revisions\/12306"}],"wp:featuredmedia":[{"embeddable":true,"href":"https:\/\/citcem2023.citcem.org\/en\/wp-json\/wp\/v2\/media\/12301"}],"wp:attachment":[{"href":"https:\/\/citcem2023.citcem.org\/en\/wp-json\/wp\/v2\/media?parent=12298"}],"wp:term":[{"taxonomy":"ano-evento","embeddable":true,"href":"https:\/\/citcem2023.citcem.org\/en\/wp-json\/wp\/v2\/ano-evento?post=12298"},{"taxonomy":"tipo-eventos","embeddable":true,"href":"https:\/\/citcem2023.citcem.org\/en\/wp-json\/wp\/v2\/tipo-eventos?post=12298"},{"taxonomy":"cmcal_calendar","embeddable":true,"href":"https:\/\/citcem2023.citcem.org\/en\/wp-json\/wp\/v2\/cmcal_calendar?post=12298"}],"curies":[{"name":"wp","href":"https:\/\/api.w.org\/{rel}","templated":true}]}}